{"id":372,"date":"2021-08-27T14:23:50","date_gmt":"2021-08-27T12:23:50","guid":{"rendered":"https:\/\/www.lastrada.sk\/?page_id=372"},"modified":"2022-12-03T12:04:29","modified_gmt":"2022-12-03T11:04:29","slug":"il-duo-dopera-pop-la-strada","status":"publish","type":"page","link":"https:\/\/www.lastrada.sk\/index.php\/il-duo-dopera-pop-la-strada\/","title":{"rendered":"Italiano"},"content":{"rendered":"\n<figure class=\"wp-block-image size-large\"><img loading=\"lazy\" decoding=\"async\" width=\"1024\" height=\"333\" src=\"https:\/\/www.lastrada.sk\/wp-content\/uploads\/2021\/08\/IMG_1193-.-U-SEBE-s-LOGEM-3-1024x333.jpg\" alt=\"\" class=\"wp-image-376\" srcset=\"https:\/\/www.lastrada.sk\/wp-content\/uploads\/2021\/08\/IMG_1193-.-U-SEBE-s-LOGEM-3-1024x333.jpg 1024w, https:\/\/www.lastrada.sk\/wp-content\/uploads\/2021\/08\/IMG_1193-.-U-SEBE-s-LOGEM-3-300x98.jpg 300w, https:\/\/www.lastrada.sk\/wp-content\/uploads\/2021\/08\/IMG_1193-.-U-SEBE-s-LOGEM-3-768x250.jpg 768w, https:\/\/www.lastrada.sk\/wp-content\/uploads\/2021\/08\/IMG_1193-.-U-SEBE-s-LOGEM-3-1536x500.jpg 1536w, https:\/\/www.lastrada.sk\/wp-content\/uploads\/2021\/08\/IMG_1193-.-U-SEBE-s-LOGEM-3-2048x667.jpg 2048w\" sizes=\"auto, (max-width: 767px) 89vw, (max-width: 1000px) 54vw, (max-width: 1071px) 543px, 580px\" \/><\/figure>\n\n\n\n<p class=\"has-text-align-center\"><strong>Il duo d&#8217;opera pop La Strada <\/strong><\/p>\n\n\n\n<p>\u00e8 una combinazione di due cantanti d&#8217;opera Peter \u010eurovec (baritono) e Zolt\u00e1n Mik\u00f3 (tenore).<\/p>\n\n\n\n<p><br>La Strada viene fondata da Peter \u010eurovec, amante della cultura italiana, fondatore del gruppo trio La Gioia, che ha lasciato dopo dodici anni.<\/p>\n\n\n\n<p><br>Ha unito le forze con un ex compagno di classe dell&#8217;Accademia delle arti dello spettacolo, Zolt\u00e1n Mik\u00f3, che ha lavorato a lungo in Svizzera.<\/p>\n\n\n\n<p><br>La Strada \u00e8 un fenomeno unico sulla scena musicale slovacca all&#8217;interno della presentazione dello stile dell&#8217;opera leggera, i cui rappresentanti pi\u00f9 famosi sono Andrea Bocelli, Il Divo, Il Volo, Josh Groban, Chose Careras\u2026<\/p>\n\n\n\n<p><br>Il repertorio \u00e8 composto da note composizioni della scena musicale slovacca, ceca e soprattutto mondiale.<\/p>\n\n\n\n<figure class=\"wp-block-image size-large\"><img loading=\"lazy\" decoding=\"async\" width=\"1024\" height=\"543\" src=\"https:\/\/www.lastrada.sk\/wp-content\/uploads\/2021\/08\/IMG_1101-pruh-1024x543.jpg\" alt=\"\" class=\"wp-image-33\" srcset=\"https:\/\/www.lastrada.sk\/wp-content\/uploads\/2021\/08\/IMG_1101-pruh-1024x543.jpg 1024w, https:\/\/www.lastrada.sk\/wp-content\/uploads\/2021\/08\/IMG_1101-pruh-300x159.jpg 300w, https:\/\/www.lastrada.sk\/wp-content\/uploads\/2021\/08\/IMG_1101-pruh-768x407.jpg 768w, https:\/\/www.lastrada.sk\/wp-content\/uploads\/2021\/08\/IMG_1101-pruh-1536x815.jpg 1536w, https:\/\/www.lastrada.sk\/wp-content\/uploads\/2021\/08\/IMG_1101-pruh-2048x1086.jpg 2048w\" sizes=\"auto, (max-width: 767px) 89vw, (max-width: 1000px) 54vw, (max-width: 1071px) 543px, 580px\" \/><\/figure>\n\n\n\n<p><strong>LE NOTIZIE<\/strong><\/p>\n\n\n\n<p class=\"has-black-color has-cyan-bluish-gray-background-color has-text-color has-background\">COMPOSIZIONE &#8222;AMICI PER SIEMPRE&#8220;<\/p>\n\n\n\n<p>La prima composizione congiunta del duo d&#8217;opera pop La Strada \u00e8 la composizione slovacca &#8211; inglese &#8211; spagnola &#8222;Amigos Para Siempre&#8220; (testi: Don Black \/ Peter \u010eurovec, musica: Andrew Lloyd Webber), per la quale in questi giorni si sta girando un video.<\/p>\n\n\n\n<figure class=\"wp-block-audio\"><audio controls src=\"https:\/\/www.lastrada.sk\/wp-content\/uploads\/2021\/08\/La-Strada-Amigos-Para-Siempre.mp3\"><\/audio><figcaption> La Strada &#8211; Amici per sempre <\/figcaption><\/figure>\n\n\n\n<p><br>La seconda composizione \u00e8 &#8222;Il Mondo&#8220; dal repertorio del famosissimo Il Volo.<br><\/p>\n\n\n\n<p class=\"has-black-color has-cyan-bluish-gray-background-color has-text-color has-background\">CANZONI &#8222;LIVE WITH IT&#8220; E &#8222;LASCIARSI&#8220;<\/p>\n\n\n\n<p><br>Nel periodo dopo aver lasciato La Gioia, Peter \u010eurovec ha cantato due canzoni &#8222;Live with Him&#8220; \u200b\u200b\u200b\u200b(di Mariah Carey):<\/p>\n\n\n\n<figure class=\"wp-block-embed is-type-video is-provider-youtube wp-block-embed-youtube wp-embed-aspect-16-9 wp-has-aspect-ratio\"><div class=\"wp-block-embed__wrapper\">\n<iframe loading=\"lazy\" title=\"Peter \u010eurovec - \u017di s n\u00edm\" width=\"525\" height=\"295\" src=\"https:\/\/www.youtube.com\/embed\/Sc-Vce_9xng?feature=oembed\" frameborder=\"0\" allow=\"accelerometer; autoplay; clipboard-write; encrypted-media; gyroscope; picture-in-picture; web-share\" referrerpolicy=\"strict-origin-when-cross-origin\" allowfullscreen><\/iframe>\n<\/div><\/figure>\n\n\n\n<p><br>e &#8222;Lasciarsi&#8220; di Jan Nedv\u011bd (Scam)<\/p>\n\n\n\n<figure class=\"wp-block-embed is-type-video is-provider-youtube wp-block-embed-youtube wp-embed-aspect-16-9 wp-has-aspect-ratio\"><div class=\"wp-block-embed__wrapper\">\n<iframe loading=\"lazy\" title=\"Peter \u010eurovec - Lasciarsi (Rozchod)\" width=\"525\" height=\"295\" src=\"https:\/\/www.youtube.com\/embed\/QdAXfOdPQao?feature=oembed\" frameborder=\"0\" allow=\"accelerometer; autoplay; clipboard-write; encrypted-media; gyroscope; picture-in-picture; web-share\" referrerpolicy=\"strict-origin-when-cross-origin\" allowfullscreen><\/iframe>\n<\/div><\/figure>\n\n\n\n<p><\/p>\n\n\n\n<p><strong>ORDINI DI PRESTAZIONE <\/strong><\/p>\n\n\n\n<p>Performance di riproduzione a met\u00e0 30 &#8211; 40 minuti <\/p>\n\n\n\n<p>Talk show musicale con moderatore &#8211; teatri, case culturali 70 minuti <\/p>\n\n\n\n<p>Offriamo un programma dell&#8217;Avvento ricco di famose canzoni natalizie slovacche, ceche e straniere.<\/p>\n\n\n\n<figure class=\"wp-block-gallery has-nested-images columns-default is-cropped wp-block-gallery-1 is-layout-flex wp-block-gallery-is-layout-flex\">\n<figure class=\"wp-block-image size-large\"><img loading=\"lazy\" decoding=\"async\" width=\"1024\" height=\"710\" data-id=\"373\" src=\"https:\/\/www.lastrada.sk\/wp-content\/uploads\/2021\/08\/IMG_1193-.-U-SEBE-logo-velke-foto-ostra-1024x710.jpg\" alt=\"\" class=\"wp-image-373\" srcset=\"https:\/\/www.lastrada.sk\/wp-content\/uploads\/2021\/08\/IMG_1193-.-U-SEBE-logo-velke-foto-ostra-1024x710.jpg 1024w, https:\/\/www.lastrada.sk\/wp-content\/uploads\/2021\/08\/IMG_1193-.-U-SEBE-logo-velke-foto-ostra-300x208.jpg 300w, https:\/\/www.lastrada.sk\/wp-content\/uploads\/2021\/08\/IMG_1193-.-U-SEBE-logo-velke-foto-ostra-768x533.jpg 768w, https:\/\/www.lastrada.sk\/wp-content\/uploads\/2021\/08\/IMG_1193-.-U-SEBE-logo-velke-foto-ostra-1536x1065.jpg 1536w, https:\/\/www.lastrada.sk\/wp-content\/uploads\/2021\/08\/IMG_1193-.-U-SEBE-logo-velke-foto-ostra-2048x1420.jpg 2048w\" sizes=\"auto, (max-width: 767px) 89vw, (max-width: 1000px) 54vw, (max-width: 1071px) 543px, 580px\" \/><\/figure>\n\n\n\n<figure class=\"wp-block-image size-large\"><img loading=\"lazy\" decoding=\"async\" width=\"988\" height=\"1024\" data-id=\"374\" src=\"https:\/\/www.lastrada.sk\/wp-content\/uploads\/2021\/08\/IMpeter-1-988x1024.jpg\" alt=\"\" class=\"wp-image-374\" srcset=\"https:\/\/www.lastrada.sk\/wp-content\/uploads\/2021\/08\/IMpeter-1-988x1024.jpg 988w, https:\/\/www.lastrada.sk\/wp-content\/uploads\/2021\/08\/IMpeter-1-289x300.jpg 289w, https:\/\/www.lastrada.sk\/wp-content\/uploads\/2021\/08\/IMpeter-1-768x796.jpg 768w, https:\/\/www.lastrada.sk\/wp-content\/uploads\/2021\/08\/IMpeter-1-1481x1536.jpg 1481w, https:\/\/www.lastrada.sk\/wp-content\/uploads\/2021\/08\/IMpeter-1.jpg 1548w\" sizes=\"auto, (max-width: 767px) 89vw, (max-width: 1000px) 54vw, (max-width: 1071px) 543px, 580px\" \/><\/figure>\n\n\n\n<figure class=\"wp-block-image size-large\"><img loading=\"lazy\" decoding=\"async\" width=\"1024\" height=\"998\" data-id=\"375\" src=\"https:\/\/www.lastrada.sk\/wp-content\/uploads\/2021\/08\/zolo-1-1024x998.jpg\" alt=\"\" class=\"wp-image-375\" srcset=\"https:\/\/www.lastrada.sk\/wp-content\/uploads\/2021\/08\/zolo-1-1024x998.jpg 1024w, https:\/\/www.lastrada.sk\/wp-content\/uploads\/2021\/08\/zolo-1-300x292.jpg 300w, https:\/\/www.lastrada.sk\/wp-content\/uploads\/2021\/08\/zolo-1-768x748.jpg 768w, https:\/\/www.lastrada.sk\/wp-content\/uploads\/2021\/08\/zolo-1-1536x1496.jpg 1536w, https:\/\/www.lastrada.sk\/wp-content\/uploads\/2021\/08\/zolo-1.jpg 1623w\" sizes=\"auto, (max-width: 767px) 89vw, (max-width: 1000px) 54vw, (max-width: 1071px) 543px, 580px\" \/><\/figure>\n<\/figure>\n\n\n<p style=\"text-align: center;\"><span style=\"font-size: 18pt;\">Contact:<\/span><\/p>\n<p style=\"text-align: center;\"><span style=\"font-size: 18pt;\">Management \/Booking:<\/span><\/p>\n<p style=\"text-align: center;\"><span style=\"font-size: 18pt;\">Stanislav STEBILA<\/span><span style=\"font-size: 18pt;\">\u00a0<\/span><\/p>\n<p style=\"text-align: center;\"><span style=\"font-size: 18pt;\">Tel:\u00a0 \u00a0+420 723 523 297 (CZ)<\/span><\/p>\n<p style=\"text-align: center;\"><span style=\"font-size: 18pt;\">E mail: igardes@centrum.cz<\/span><\/p>","protected":false},"excerpt":{"rendered":"<p>Il duo d&#8217;opera pop La Strada \u00e8 una combinazione di due cantanti d&#8217;opera Peter \u010eurovec (baritono) e Zolt\u00e1n Mik\u00f3 (tenore). La Strada viene fondata da Peter \u010eurovec, amante della cultura italiana, fondatore del gruppo trio La Gioia, che ha lasciato dopo dodici anni. Ha unito le forze con un ex compagno di classe dell&#8217;Accademia delle &hellip; <\/p>\n<p class=\"link-more\"><a href=\"https:\/\/www.lastrada.sk\/index.php\/il-duo-dopera-pop-la-strada\/\" class=\"more-link\">Pokra\u010dova\u0165 v \u010d\u00edtan\u00ed<span class=\"screen-reader-text\"> &#8222;Italiano&#8220;<\/span><\/a><\/p>\n","protected":false},"author":2,"featured_media":0,"parent":0,"menu_order":0,"comment_status":"closed","ping_status":"closed","template":"","meta":{"_monsterinsights_skip_tracking":false,"_monsterinsights_sitenote_active":false,"_monsterinsights_sitenote_note":"","_monsterinsights_sitenote_category":0,"footnotes":""},"class_list":["post-372","page","type-page","status-publish","hentry"],"yoast_head":"<!-- This site is optimized with the Yoast SEO plugin v27.4 - https:\/\/yoast.com\/product\/yoast-seo-wordpress\/ -->\n<title>Italiano - La Strada<\/title>\n<meta name=\"robots\" content=\"index, follow, max-snippet:-1, max-image-preview:large, max-video-preview:-1\" \/>\n<link rel=\"canonical\" href=\"https:\/\/www.lastrada.sk\/index.php\/il-duo-dopera-pop-la-strada\/\" \/>\n<meta property=\"og:locale\" content=\"sk_SK\" \/>\n<meta property=\"og:type\" content=\"article\" \/>\n<meta property=\"og:title\" content=\"Italiano - La Strada\" \/>\n<meta property=\"og:description\" content=\"Il duo d&#8217;opera pop La Strada \u00e8 una combinazione di due cantanti d&#8217;opera Peter \u010eurovec (baritono) e Zolt\u00e1n Mik\u00f3 (tenore). La Strada viene fondata da Peter \u010eurovec, amante della cultura italiana, fondatore del gruppo trio La Gioia, che ha lasciato dopo dodici anni. Ha unito le forze con un ex compagno di classe dell&#8217;Accademia delle &hellip; Pokra\u010dova\u0165 v \u010d\u00edtan\u00ed &quot;Italiano&quot;\" \/>\n<meta property=\"og:url\" content=\"https:\/\/www.lastrada.sk\/index.php\/il-duo-dopera-pop-la-strada\/\" \/>\n<meta property=\"og:site_name\" content=\"La Strada\" \/>\n<meta property=\"article:modified_time\" content=\"2022-12-03T11:04:29+00:00\" \/>\n<meta property=\"og:image\" content=\"https:\/\/www.lastrada.sk\/wp-content\/uploads\/2021\/08\/IMG_1193-.-U-SEBE-s-LOGEM-3-1024x333.jpg\" \/>\n<meta name=\"twitter:card\" content=\"summary_large_image\" \/>\n<meta name=\"twitter:label1\" content=\"Predpokladan\u00fd \u010das \u010d\u00edtania\" \/>\n\t<meta name=\"twitter:data1\" content=\"3 min\u00faty\" \/>\n<script type=\"application\/ld+json\" class=\"yoast-schema-graph\">{\"@context\":\"https:\\\/\\\/schema.org\",\"@graph\":[{\"@type\":\"WebPage\",\"@id\":\"https:\\\/\\\/www.lastrada.sk\\\/index.php\\\/il-duo-dopera-pop-la-strada\\\/\",\"url\":\"https:\\\/\\\/www.lastrada.sk\\\/index.php\\\/il-duo-dopera-pop-la-strada\\\/\",\"name\":\"Italiano - La Strada\",\"isPartOf\":{\"@id\":\"https:\\\/\\\/www.lastrada.sk\\\/#website\"},\"primaryImageOfPage\":{\"@id\":\"https:\\\/\\\/www.lastrada.sk\\\/index.php\\\/il-duo-dopera-pop-la-strada\\\/#primaryimage\"},\"image\":{\"@id\":\"https:\\\/\\\/www.lastrada.sk\\\/index.php\\\/il-duo-dopera-pop-la-strada\\\/#primaryimage\"},\"thumbnailUrl\":\"https:\\\/\\\/www.lastrada.sk\\\/wp-content\\\/uploads\\\/2021\\\/08\\\/IMG_1193-.-U-SEBE-s-LOGEM-3-1024x333.jpg\",\"datePublished\":\"2021-08-27T12:23:50+00:00\",\"dateModified\":\"2022-12-03T11:04:29+00:00\",\"breadcrumb\":{\"@id\":\"https:\\\/\\\/www.lastrada.sk\\\/index.php\\\/il-duo-dopera-pop-la-strada\\\/#breadcrumb\"},\"inLanguage\":\"sk-SK\",\"potentialAction\":[{\"@type\":\"ReadAction\",\"target\":[\"https:\\\/\\\/www.lastrada.sk\\\/index.php\\\/il-duo-dopera-pop-la-strada\\\/\"]}]},{\"@type\":\"ImageObject\",\"inLanguage\":\"sk-SK\",\"@id\":\"https:\\\/\\\/www.lastrada.sk\\\/index.php\\\/il-duo-dopera-pop-la-strada\\\/#primaryimage\",\"url\":\"https:\\\/\\\/www.lastrada.sk\\\/wp-content\\\/uploads\\\/2021\\\/08\\\/IMG_1193-.-U-SEBE-s-LOGEM-3-1024x333.jpg\",\"contentUrl\":\"https:\\\/\\\/www.lastrada.sk\\\/wp-content\\\/uploads\\\/2021\\\/08\\\/IMG_1193-.-U-SEBE-s-LOGEM-3-1024x333.jpg\"},{\"@type\":\"BreadcrumbList\",\"@id\":\"https:\\\/\\\/www.lastrada.sk\\\/index.php\\\/il-duo-dopera-pop-la-strada\\\/#breadcrumb\",\"itemListElement\":[{\"@type\":\"ListItem\",\"position\":1,\"name\":\"Home\",\"item\":\"https:\\\/\\\/www.lastrada.sk\\\/\"},{\"@type\":\"ListItem\",\"position\":2,\"name\":\"Italiano\"}]},{\"@type\":\"WebSite\",\"@id\":\"https:\\\/\\\/www.lastrada.sk\\\/#website\",\"url\":\"https:\\\/\\\/www.lastrada.sk\\\/\",\"name\":\"La Strada\",\"description\":\"SLOVENSK\u00c9 POP OPERN\u00c9 DUO\",\"potentialAction\":[{\"@type\":\"SearchAction\",\"target\":{\"@type\":\"EntryPoint\",\"urlTemplate\":\"https:\\\/\\\/www.lastrada.sk\\\/?s={search_term_string}\"},\"query-input\":{\"@type\":\"PropertyValueSpecification\",\"valueRequired\":true,\"valueName\":\"search_term_string\"}}],\"inLanguage\":\"sk-SK\"}]}<\/script>\n<!-- \/ Yoast SEO plugin. -->","yoast_head_json":{"title":"Italiano - La Strada","robots":{"index":"index","follow":"follow","max-snippet":"max-snippet:-1","max-image-preview":"max-image-preview:large","max-video-preview":"max-video-preview:-1"},"canonical":"https:\/\/www.lastrada.sk\/index.php\/il-duo-dopera-pop-la-strada\/","og_locale":"sk_SK","og_type":"article","og_title":"Italiano - La Strada","og_description":"Il duo d&#8217;opera pop La Strada \u00e8 una combinazione di due cantanti d&#8217;opera Peter \u010eurovec (baritono) e Zolt\u00e1n Mik\u00f3 (tenore). La Strada viene fondata da Peter \u010eurovec, amante della cultura italiana, fondatore del gruppo trio La Gioia, che ha lasciato dopo dodici anni. Ha unito le forze con un ex compagno di classe dell&#8217;Accademia delle &hellip; Pokra\u010dova\u0165 v \u010d\u00edtan\u00ed \"Italiano\"","og_url":"https:\/\/www.lastrada.sk\/index.php\/il-duo-dopera-pop-la-strada\/","og_site_name":"La Strada","article_modified_time":"2022-12-03T11:04:29+00:00","og_image":[{"url":"https:\/\/www.lastrada.sk\/wp-content\/uploads\/2021\/08\/IMG_1193-.-U-SEBE-s-LOGEM-3-1024x333.jpg","type":"","width":"","height":""}],"twitter_card":"summary_large_image","twitter_misc":{"Predpokladan\u00fd \u010das \u010d\u00edtania":"3 min\u00faty"},"schema":{"@context":"https:\/\/schema.org","@graph":[{"@type":"WebPage","@id":"https:\/\/www.lastrada.sk\/index.php\/il-duo-dopera-pop-la-strada\/","url":"https:\/\/www.lastrada.sk\/index.php\/il-duo-dopera-pop-la-strada\/","name":"Italiano - La Strada","isPartOf":{"@id":"https:\/\/www.lastrada.sk\/#website"},"primaryImageOfPage":{"@id":"https:\/\/www.lastrada.sk\/index.php\/il-duo-dopera-pop-la-strada\/#primaryimage"},"image":{"@id":"https:\/\/www.lastrada.sk\/index.php\/il-duo-dopera-pop-la-strada\/#primaryimage"},"thumbnailUrl":"https:\/\/www.lastrada.sk\/wp-content\/uploads\/2021\/08\/IMG_1193-.-U-SEBE-s-LOGEM-3-1024x333.jpg","datePublished":"2021-08-27T12:23:50+00:00","dateModified":"2022-12-03T11:04:29+00:00","breadcrumb":{"@id":"https:\/\/www.lastrada.sk\/index.php\/il-duo-dopera-pop-la-strada\/#breadcrumb"},"inLanguage":"sk-SK","potentialAction":[{"@type":"ReadAction","target":["https:\/\/www.lastrada.sk\/index.php\/il-duo-dopera-pop-la-strada\/"]}]},{"@type":"ImageObject","inLanguage":"sk-SK","@id":"https:\/\/www.lastrada.sk\/index.php\/il-duo-dopera-pop-la-strada\/#primaryimage","url":"https:\/\/www.lastrada.sk\/wp-content\/uploads\/2021\/08\/IMG_1193-.-U-SEBE-s-LOGEM-3-1024x333.jpg","contentUrl":"https:\/\/www.lastrada.sk\/wp-content\/uploads\/2021\/08\/IMG_1193-.-U-SEBE-s-LOGEM-3-1024x333.jpg"},{"@type":"BreadcrumbList","@id":"https:\/\/www.lastrada.sk\/index.php\/il-duo-dopera-pop-la-strada\/#breadcrumb","itemListElement":[{"@type":"ListItem","position":1,"name":"Home","item":"https:\/\/www.lastrada.sk\/"},{"@type":"ListItem","position":2,"name":"Italiano"}]},{"@type":"WebSite","@id":"https:\/\/www.lastrada.sk\/#website","url":"https:\/\/www.lastrada.sk\/","name":"La Strada","description":"SLOVENSK\u00c9 POP OPERN\u00c9 DUO","potentialAction":[{"@type":"SearchAction","target":{"@type":"EntryPoint","urlTemplate":"https:\/\/www.lastrada.sk\/?s={search_term_string}"},"query-input":{"@type":"PropertyValueSpecification","valueRequired":true,"valueName":"search_term_string"}}],"inLanguage":"sk-SK"}]}},"_links":{"self":[{"href":"https:\/\/www.lastrada.sk\/index.php\/wp-json\/wp\/v2\/pages\/372","targetHints":{"allow":["GET"]}}],"collection":[{"href":"https:\/\/www.lastrada.sk\/index.php\/wp-json\/wp\/v2\/pages"}],"about":[{"href":"https:\/\/www.lastrada.sk\/index.php\/wp-json\/wp\/v2\/types\/page"}],"author":[{"embeddable":true,"href":"https:\/\/www.lastrada.sk\/index.php\/wp-json\/wp\/v2\/users\/2"}],"replies":[{"embeddable":true,"href":"https:\/\/www.lastrada.sk\/index.php\/wp-json\/wp\/v2\/comments?post=372"}],"version-history":[{"count":0,"href":"https:\/\/www.lastrada.sk\/index.php\/wp-json\/wp\/v2\/pages\/372\/revisions"}],"wp:attachment":[{"href":"https:\/\/www.lastrada.sk\/index.php\/wp-json\/wp\/v2\/media?parent=372"}],"curies":[{"name":"wp","href":"https:\/\/api.w.org\/{rel}","templated":true}]}}